{"id":203,"date":"2026-05-21T08:58:57","date_gmt":"2026-05-21T08:58:57","guid":{"rendered":"https:\/\/evolfestival.restore.webapic.com\/?page_id=203"},"modified":"2026-05-21T09:05:02","modified_gmt":"2026-05-21T09:05:02","slug":"laccessibilite","status":"publish","type":"page","link":"https:\/\/www.evolfestival.fr\/?page_id=203","title":{"rendered":"L&rsquo;accessibilit\u00e9"},"content":{"rendered":"\t\t<div data-elementor-type=\"wp-page\" data-elementor-id=\"203\" class=\"elementor elementor-203\" data-elementor-post-type=\"page\">\n\t\t\t\t<div class=\"elementor-element elementor-element-3307c46 e-con-full e-flex e-con e-parent\" data-id=\"3307c46\" data-element_type=\"container\" data-e-type=\"container\">\n\t\t<div class=\"elementor-element elementor-element-5e1efcc e-con-full e-flex e-con e-child\" data-id=\"5e1efcc\" data-element_type=\"container\" data-e-type=\"container\" data-settings=\"{&quot;background_background&quot;:&quot;classic&quot;}\">\n\t\t\t\t<div class=\"elementor-element elementor-element-80eea7e elementor-absolute elementor-widget elementor-widget-image\" data-id=\"80eea7e\" data-element_type=\"widget\" data-e-type=\"widget\" data-settings=\"{&quot;_position&quot;:&quot;absolute&quot;}\" data-widget_type=\"image.default\">\n\t\t\t\t\t\t\t\t\t\t\t\t\t\t\t<img fetchpriority=\"high\" decoding=\"async\" width=\"300\" height=\"167\" src=\"https:\/\/www.evolfestival.fr\/wp-content\/uploads\/2026\/05\/applaud.png\" class=\"attachment-large size-large wp-image-76\" alt=\"\" \/>\t\t\t\t\t\t\t\t\t\t\t\t\t\t\t<\/div>\n\t\t\t\t<div class=\"elementor-element elementor-element-62d4df8 elementor-absolute elementor-widget elementor-widget-image\" data-id=\"62d4df8\" data-element_type=\"widget\" data-e-type=\"widget\" data-settings=\"{&quot;_position&quot;:&quot;absolute&quot;}\" data-widget_type=\"image.default\">\n\t\t\t\t\t\t\t\t\t\t\t\t\t\t\t<img decoding=\"async\" width=\"150\" height=\"110\" src=\"https:\/\/www.evolfestival.fr\/wp-content\/uploads\/2026\/05\/oeil_gauche.png\" class=\"attachment-large size-large wp-image-77\" alt=\"\" \/>\t\t\t\t\t\t\t\t\t\t\t\t\t\t\t<\/div>\n\t\t<div class=\"elementor-element elementor-element-80b47d3 e-con-full e-flex e-con e-child\" data-id=\"80b47d3\" data-element_type=\"container\" data-e-type=\"container\">\n\t\t\t\t<div class=\"elementor-element elementor-element-f2f7c48 elementor-widget elementor-widget-text-editor\" data-id=\"f2f7c48\" data-element_type=\"widget\" data-e-type=\"widget\" data-widget_type=\"text-editor.default\">\n\t\t\t\t\t\t\t\t\t<p>D\u00e8s sa premi\u00e8re \u00e9dition, le festival EVOL place l&rsquo;inclusion et l&rsquo;accessibilit\u00e9 au coeur de son organisation. Con\u00e7u comme un \u00e9v\u00e9nement innovant de lutte contre les discriminations chez les enfants et les adolescents, EVOL s&rsquo;engage \u00e0 offrir une exp\u00e9rience o\u00f9 chacun, quelles que soient ses capacit\u00e9s, puisse pleinement profiter du festival dans un cadre bienveillant et adapt\u00e9. Pour garantir cet acc\u00e8s \u00e0 tous, nous avons le privil\u00e8ge d&rsquo;\u00eatre accompagn\u00e9s d\u00e8s cette premi\u00e8re ann\u00e9e par\u00a0<span style=\"text-decoration: underline;\"><a href=\"https:\/\/www.malakoffhumanis.com\/\" target=\"_blank\" rel=\"noopener\">Malakoff Humanis<\/a><\/span>\u00a0et\u00a0<span style=\"text-decoration: underline;\"><a href=\"https:\/\/regie-access.com\/\" target=\"_blank\" rel=\"noopener\">R\u00e9gie Access<\/a><\/span>, qui nous aident \u00e0 \u00e9quiper les diff\u00e9rents espaces du festival afin d&rsquo;assurer un confort optimal aux personnes en situation de handicap. De plus, de nombreux \u00e9changes avec des structures locales ont permis de concevoir des am\u00e9nagements adapt\u00e9s et de proposer des solutions concr\u00e8tes pour r\u00e9pondre aux besoins des festivaliers. Notre objectif est clair : permettre \u00e0 tous, enfants, adolescents et adultes, de partager un moment de rencontre, d&rsquo;\u00e9change et de f\u00eate, au-del\u00e0 des diff\u00e9rences. Parce que nous sommes tous uniques, EVOL met tout en oeuvre pour que chacun trouve sa place et vive pleinement cette exp\u00e9rience musicale et humaine.<\/p>\t\t\t\t\t\t\t\t<\/div>\n\t\t\t\t<div class=\"elementor-element elementor-element-34636dd elementor-widget elementor-widget-heading\" data-id=\"34636dd\" data-element_type=\"widget\" data-e-type=\"widget\" data-widget_type=\"heading.default\">\n\t\t\t\t\t<h2 class=\"elementor-heading-title elementor-size-default\">Vous \u00eates une Personne en Situation de Handicap<\/h2>\t\t\t\t<\/div>\n\t\t\t\t<div class=\"elementor-element elementor-element-2568c12 elementor-widget elementor-widget-text-editor\" data-id=\"2568c12\" data-element_type=\"widget\" data-e-type=\"widget\" data-widget_type=\"text-editor.default\">\n\t\t\t\t\t\t\t\t\t<p>Vous trouverez ci-dessous le d\u00e9tail des am\u00e9nagements et dispositifs mis \u00e0 votre disposition par E<span>V<\/span>OL pour vous faciliter l&rsquo;acc\u00e8s au festival et vous permettre de vivre l&rsquo;exp\u00e9rience d&rsquo;un festival adapt\u00e9. Pour toutes autres demandes ou questions, merci de nous contacter \u00e0 l&rsquo;adresse suivante :\u00a0<a href=\"mailto:accessibilite@evolfestival.restore.webapic.com\">accessibilite@evolfestival.restore.webapic.com<\/a><br \/><br \/>Vous pouvez \u00e9galement contacter directement L\u00e9a pour toutes ces questions au 07.84.97.76.66<br \/><br \/><b>Vous \u00eates une personne \u00e0 mobilit\u00e9 r\u00e9duite ou une personne en situation de handicap temporaire<\/b>\u00a0ou vous n&rsquo;avez pas encore la carte d&rsquo;invalidit\u00e9 ou de stationnement : Envoyez un mail avec un certificat m\u00e9dical\u00a0<span style=\"text-decoration: underline;\"><a href=\"mailto:accessibilite@evolfestival.restore.webapic.com\">accessibilite@evolfestival.restore.webapic.com<\/a><\/span><\/p>\t\t\t\t\t\t\t\t<\/div>\n\t\t\t\t<div class=\"elementor-element elementor-element-41f5472 elementor-widget elementor-widget-heading\" data-id=\"41f5472\" data-element_type=\"widget\" data-e-type=\"widget\" data-widget_type=\"heading.default\">\n\t\t\t\t\t<h2 class=\"elementor-heading-title elementor-size-default\">AM\u00c9NAGEMENTS ET SERVICES<\/h2>\t\t\t\t<\/div>\n\t\t\t\t<div class=\"elementor-element elementor-element-377a9ab elementor-widget elementor-widget-text-editor\" data-id=\"377a9ab\" data-element_type=\"widget\" data-e-type=\"widget\" data-widget_type=\"text-editor.default\">\n\t\t\t\t\t\t\t\t\t<p>Votre confort est essentiel pour E<span>V<\/span>OL, c&rsquo;est pourquoi nous vous proposerons des am\u00e9liorations pour vous faciliter la vie.<br \/>Un espace E<span>V<\/span>OL PLAY pens\u00e9 pour sensibiliser aux handicaps : associations de sensibilisation, instruments de musique num\u00e9riques inclusifs, jeux adapt\u00e9s, &#8230;<br \/>La signal\u00e9tique sur le festival r\u00e9alis\u00e9e en FALC permettra une visibilit\u00e9 optimale.<br \/>Pour plus d&rsquo;informations, merci de contacter :\u00a0<span style=\"text-decoration: underline;\"><a href=\"mailto:accessibilite@evolfestival.restore.webapic.com\">accessibilite@evolfestival.restore.webapic.com<\/a><\/span><\/p><p>\u00a0<\/p>\t\t\t\t\t\t\t\t<\/div>\n\t\t\t\t<div class=\"elementor-element elementor-element-37eb74b elementor-widget elementor-widget-heading\" data-id=\"37eb74b\" data-element_type=\"widget\" data-e-type=\"widget\" data-widget_type=\"heading.default\">\n\t\t\t\t\t<h2 class=\"elementor-heading-title elementor-size-default\">PARKING<\/h2>\t\t\t\t<\/div>\n\t\t\t\t<div class=\"elementor-element elementor-element-77fbe7e elementor-widget elementor-widget-text-editor\" data-id=\"77fbe7e\" data-element_type=\"widget\" data-e-type=\"widget\" data-widget_type=\"text-editor.default\">\n\t\t\t\t\t\t\t\t\t<p>Pour rendre vos d\u00e9placements plus confortables, un parking PSH est \u00e0 votre disposition au niveau de l&rsquo;entr\u00e9e du festival.<br \/>Le parking PSH est accessible \u00e0 toutes les personnes porteuses de la carte de stationnement prioritaire ou du macaron sp\u00e9cifique d\u00e9livr\u00e9 par le festival sur demande et justificatif m\u00e9dical.<br \/>Ces documents seront demand\u00e9s au barrage de s\u00e9curit\u00e9 \u00e0 l&rsquo;entr\u00e9e du parking PSH.<br \/><br \/><b>ATTENTION<\/b>\u00a0: Ce parking ayant un nombre limit\u00e9 de places, il sera accessible sur pr\u00e9inscription et prioritairement pour les personnes d\u00e9j\u00e0 en possession d&rsquo;un billet pour le festival.<br \/>Pour cela veuillez faire la demande par email \u00e0 l&rsquo;adresse suivante :\u00a0<span style=\"text-decoration: underline;\"><a href=\"mailto:accessibilite@evolfestival.restore.webapic.com\">accessibilite@evolfestival.restore.webapic.com<\/a><\/span><\/p>\t\t\t\t\t\t\t\t<\/div>\n\t\t\t\t<div class=\"elementor-element elementor-element-d2a1697 elementor-widget elementor-widget-heading\" data-id=\"d2a1697\" data-element_type=\"widget\" data-e-type=\"widget\" data-widget_type=\"heading.default\">\n\t\t\t\t\t<h2 class=\"elementor-heading-title elementor-size-default\">ACCUEIL<\/h2>\t\t\t\t<\/div>\n\t\t\t\t<div class=\"elementor-element elementor-element-6545b64 elementor-widget elementor-widget-text-editor\" data-id=\"6545b64\" data-element_type=\"widget\" data-e-type=\"widget\" data-widget_type=\"text-editor.default\">\n\t\t\t\t\t\t\t\t\t<p>Un accueil adapt\u00e9, r\u00e9serv\u00e9 et prioritaire pour les personnes en situation de handicap est \u00e0 votre disposition aun sein du festival.<br \/>Il vous permettra d&rsquo;avoir tous les renseignements n\u00e9cessaires et d&rsquo;obtenir pour vous et en cas de besoin, pour votre accompagnant un bracelet sp\u00e9cifique afin de vivre au mieux le festival.<br \/>Des b\u00e9n\u00e9voles \u00ab\u00a0EVOL ACCESS\u00a0\u00bb seront \u00e0 votre disposition pendant tout le festival.<br \/>Vous y trouverez les services suivants :<\/p><ul><li>Bornes services : recharge de fauteuil \u00e9lectrique, un gonfleur de pneus, un kit de r\u00e9paration,<\/li><li>Espace de repos et Espace de discr\u00e9tion et de confort pour les soins,<\/li><li>Pr\u00eat de mat\u00e9riel : fauteuils roulants, casque antibruit, etc.<\/li><\/ul><p>\u00a0<\/p>\t\t\t\t\t\t\t\t<\/div>\n\t\t\t\t<div class=\"elementor-element elementor-element-237a2ad elementor-widget elementor-widget-heading\" data-id=\"237a2ad\" data-element_type=\"widget\" data-e-type=\"widget\" data-widget_type=\"heading.default\">\n\t\t\t\t\t<h2 class=\"elementor-heading-title elementor-size-default\">BOUCLES AUDITIVES ET LSF<\/h2>\t\t\t\t<\/div>\n\t\t\t\t<div class=\"elementor-element elementor-element-e6476c9 elementor-widget elementor-widget-text-editor\" data-id=\"e6476c9\" data-element_type=\"widget\" data-e-type=\"widget\" data-widget_type=\"text-editor.default\">\n\t\t\t\t\t\t\t\t\t<p>D\u00e8s sa premi\u00e8re \u00e9dition, le festival E<span>V<\/span>OL s&rsquo;engage \u00e0 rendre l&rsquo;exp\u00e9rience musicale accessible \u00e0 tous, y compris aux personnes en situation de handicap auditif.<br \/>Gr\u00e2ce \u00e0 l&rsquo;accompagnement de\u00a0<span style=\"text-decoration: underline;\"><a href=\"https:\/\/regie-access.com\/\" target=\"_blank\" rel=\"noopener\"><b>R\u00e9gie Access<\/b><\/a><\/span>, nous mettons en place des\u00a0<b>boucles \u00e0 induction magn\u00e9tique<\/b>, une technologie permettant aux personnes malentendantes, appareill\u00e9es avec la position \u00ab\u00a0T\u00a0\u00bb, de mieux percevoir les sons. Ce dispositif capte directement le son des concerts ou des \u00e9changes dans certaines zones \u00e9quip\u00e9es et le transmet sans interf\u00e9rence aux appareils auditifs compatibles.<br \/>Ainsi, chacun pourra profiter pleinement de la musique et des \u00e9changes dans un environnement inclusif et adapt\u00e9.<br \/><br \/>Les boucles magn\u00e9tiques mises en place :<\/p><ul><li>1 boucle \u00e0 l&rsquo;accueil du site<\/li><li>1 boucle de comptoir pour la restauration,<\/li><li>Ampli de boucles magn\u00e9tiques install\u00e9 autour de la plateforme pour profiter des concerts.<\/li><\/ul><p>Une vid\u00e9o de pr\u00e9sentation du festival en LSF sera \u00e9galement accessible au niveau de l&rsquo;accueil.<br \/>N&rsquo;h\u00e9sitez pas \u00e0 nous contacter\u00a0<span style=\"text-decoration: underline;\"><a href=\"mailto:accessibilite@evolfestival.restore.webapic.com\">accessibilite@evolfestival.restore.webapic.com<\/a><\/span>\u00a0pour avoir plus d&rsquo;informations.<br \/><br \/><\/p>\t\t\t\t\t\t\t\t<\/div>\n\t\t\t\t<div class=\"elementor-element elementor-element-f8c2b7f elementor-widget elementor-widget-heading\" data-id=\"f8c2b7f\" data-element_type=\"widget\" data-e-type=\"widget\" data-widget_type=\"heading.default\">\n\t\t\t\t\t<h2 class=\"elementor-heading-title elementor-size-default\">PODIUM \/ PLATEFORME ACCESS<\/h2>\t\t\t\t<\/div>\n\t\t\t\t<div class=\"elementor-element elementor-element-a802671 elementor-widget elementor-widget-text-editor\" data-id=\"a802671\" data-element_type=\"widget\" data-e-type=\"widget\" data-widget_type=\"text-editor.default\">\n\t\t\t\t\t\t\t\t\t<p>Une plateforme sera mise en place par le festival pour faciliter la participation des personnes en situation de handicap aux concerts.<br \/>L&rsquo;acc\u00e8s \u00e0 ces podiums est strictement r\u00e9serv\u00e9 aux personnes en situation de handicap porteuse du bracelet.<br \/>Conform\u00e9ment au r\u00e8glement \u00e9tabli par le festival, ces plateformes sont utilis\u00e9es prioritairement pour la mise a\u0300 niveau des personnes qui en ont le plus besoin : personnes en fauteuil roulant, mal-marchants, personnes ayant des difficult\u00e9s a\u0300 maintenir la station debout, personnes de petites tailles, etc.<br \/>Sous r\u00e9serve des disponibilit\u00e9s de place, la personne en situation de handicap qui acc\u00e8de \u00e0 cette plateforme pourra \u00eatre accompagn\u00e9e d&rsquo;une seule personne, qui devra elle aussi \u00eatre accr\u00e9dit\u00e9e.<br \/>En cas de forte fr\u00e9quentation et pour des raisons de confort et de s\u00e9curit\u00e9\u0301, l&rsquo;acc\u00e8s a\u0300 ces plateformes peut \u00eatre refuse\u0301, d&rsquo;abord aux accompagnateurs, puis aux guides, &#8230;<\/p>\t\t\t\t\t\t\t\t<\/div>\n\t\t\t\t<div class=\"elementor-element elementor-element-fad6eae elementor-widget elementor-widget-heading\" data-id=\"fad6eae\" data-element_type=\"widget\" data-e-type=\"widget\" data-widget_type=\"heading.default\">\n\t\t\t\t\t<h2 class=\"elementor-heading-title elementor-size-default\">ZONE SENSORIELLE<\/h2>\t\t\t\t<\/div>\n\t\t\t\t<div class=\"elementor-element elementor-element-bf3a727 elementor-widget elementor-widget-text-editor\" data-id=\"bf3a727\" data-element_type=\"widget\" data-e-type=\"widget\" data-widget_type=\"text-editor.default\">\n\t\t\t\t\t\t\t\t\t<p>\u00c0 E<span>V<\/span>OL, nous savons qu&rsquo;un \u00e9v\u00e9nement festif peut \u00eatre intense, en particulier pour les personnes en situation de handicap, les enfants ou celles ayant des troubles neurod\u00e9veloppementaux.<br \/>C&rsquo;est pourquoi nous avons am\u00e9nag\u00e9 une\u00a0<b>zone de repos inclusive<\/b>, pens\u00e9e pour offrir \u00e0 chacun un espace de calme et de r\u00e9gulation sensorielle.<br \/><br \/>Cet espace comprend des\u00a0<b>bulles sensorielles<\/b>\u00a0et des\u00a0<b>zones de retour au calme<\/b>, \u00e9quip\u00e9es de casques antibruit, de mat\u00e9riel lest\u00e9, de dispositifs lumineux adapt\u00e9s, ainsi que de divers supports apaisants comme des fidgets et d&rsquo;autres outils favorisant la d\u00e9tente, gr\u00e2ce au soutien de HOP TOY&rsquo;S.<br \/>Que ce soit pour s&rsquo;isoler quelques instants, r\u00e9duire les stimulations ou simplement retrouver son \u00e9quilibre, cette zone est accessible \u00e0 tous ceux qui en ressentent le besoin.<br \/><br \/>Parce que l&rsquo;inclusion et le bien-\u00eatre sont au coeur des valeurs d&rsquo;E<span>V<\/span>OL, nous avons travaill\u00e9 en collaboration avec\u00a0<b>des associations locales sp\u00e9cialis\u00e9es<\/b>\u00a0afin de proposer un espace adapt\u00e9 aux besoins de chacun, permettant \u00e0 tous de profiter pleinement du festival.<\/p>\t\t\t\t\t\t\t\t<\/div>\n\t\t\t\t<div class=\"elementor-element elementor-element-0f32d87 elementor-widget elementor-widget-heading\" data-id=\"0f32d87\" data-element_type=\"widget\" data-e-type=\"widget\" data-widget_type=\"heading.default\">\n\t\t\t\t\t<h2 class=\"elementor-heading-title elementor-size-default\">LES PARTENAIRES ACCESSIBILIT\u00c9 EVOL<\/h2>\t\t\t\t<\/div>\n\t\t<div class=\"elementor-element elementor-element-b0f6a1e e-con-full e-flex e-con e-child\" data-id=\"b0f6a1e\" data-element_type=\"container\" data-e-type=\"container\">\n\t\t\t\t<div class=\"elementor-element elementor-element-bd0ac95 elementor-widget elementor-widget-image\" data-id=\"bd0ac95\" data-element_type=\"widget\" data-e-type=\"widget\" data-widget_type=\"image.default\">\n\t\t\t\t\t\t\t\t\t\t\t\t\t\t\t\t<a href=\"https:\/\/www.malakoffhumanis.com\/\">\n\t\t\t\t\t\t\t<img decoding=\"async\" width=\"300\" height=\"216\" src=\"https:\/\/www.evolfestival.fr\/wp-content\/uploads\/2026\/05\/part14-1.jpg\" class=\"attachment-large size-large wp-image-209\" alt=\"\" \/>\t\t\t\t\t\t\t\t<\/a>\n\t\t\t\t\t\t\t\t\t\t\t\t\t\t\t<\/div>\n\t\t\t\t<div class=\"elementor-element elementor-element-dc5f5e4 elementor-widget__width-initial elementor-widget elementor-widget-text-editor\" data-id=\"dc5f5e4\" data-element_type=\"widget\" data-e-type=\"widget\" data-widget_type=\"text-editor.default\">\n\t\t\t\t\t\t\t\t\t<div><div class=\"w3-col m10\">Depuis 2015, \u00e0 travers sa Fondation d\u00e9di\u00e9e au handicap et son action sociale,\u00a0<span style=\"text-decoration: underline;\"><a href=\"https:\/\/www.malakoffhumanis.com\/\" target=\"_blank\" rel=\"noopener\">Malakoff Humanis<\/a><\/span>, accompagne les organisateurs de festivals dans la mise en oeuvre de dispositifs destin\u00e9s \u00e0 les rendre plus accessibles aux personnes en situation de handicap. Du R\u00e9perkusound (29 mars au 1er avril) au Nancy Jazz Pulsasions (5 au 19 octobre), en passant par les Eurock\u00e9ennes (4 au 7 juillet), le Groupe soutiendra cette ann\u00e9e 20 festivals en France m\u00e9tropolitaine, de toute taille et style musical. En 2023, Malakoff Humanis a renforc\u00e9 son engagement en publiant, en collaboration avec GoGoGood[1], le Livre blanc \u00ab\u00a0Festivalons tous ensemble\u00a0\u00bb. Premier guide de bonnes pratiques sur l&rsquo;accessibilit\u00e9 des festivals, ce livre blanc rassemble des exp\u00e9rimentations terrain, ainsi que les t\u00e9moignages d&rsquo;organisateurs de festivals, d&rsquo;acteurs de l&rsquo;accessibilit\u00e9 et de festivaliers en situation de handicap. Il donne ainsi les cl\u00e9s pour se lancer dans une d\u00e9marche d&rsquo;accessibilit\u00e9 ou pour la d\u00e9velopper. (1) GOGOGOOD accompagne les entreprises dans la mise en place d&rsquo;exp\u00e9riences responsables. En rendant plus accessible l&rsquo;engagement \u00e9cologique et solidaire, GOGOGOOG propose aux entreprises des projets d&rsquo;int\u00e9r\u00eat g\u00e9n\u00e9ral pour enrichir leur plan d&rsquo;actions RSE (Responsabilit\u00e9 Soci\u00e9tale des Entreprises).<\/div><\/div>\t\t\t\t\t\t\t\t<\/div>\n\t\t\t\t<\/div>\n\t\t<div class=\"elementor-element elementor-element-c4283e2 e-con-full e-flex e-con e-child\" data-id=\"c4283e2\" data-element_type=\"container\" data-e-type=\"container\">\n\t\t\t\t<div class=\"elementor-element elementor-element-03ee088 elementor-widget elementor-widget-image\" data-id=\"03ee088\" data-element_type=\"widget\" data-e-type=\"widget\" data-widget_type=\"image.default\">\n\t\t\t\t\t\t\t\t\t\t\t\t\t\t\t\t<a href=\"https:\/\/regie-access.com\/\">\n\t\t\t\t\t\t\t<img loading=\"lazy\" decoding=\"async\" width=\"400\" height=\"258\" src=\"https:\/\/www.evolfestival.fr\/wp-content\/uploads\/2026\/05\/regie-access.png\" class=\"attachment-large size-large wp-image-208\" alt=\"\" srcset=\"https:\/\/www.evolfestival.fr\/wp-content\/uploads\/2026\/05\/regie-access.png 400w, https:\/\/www.evolfestival.fr\/wp-content\/uploads\/2026\/05\/regie-access-300x194.png 300w\" sizes=\"(max-width: 400px) 100vw, 400px\" \/>\t\t\t\t\t\t\t\t<\/a>\n\t\t\t\t\t\t\t\t\t\t\t\t\t\t\t<\/div>\n\t\t\t\t<div class=\"elementor-element elementor-element-92f7f0a elementor-widget__width-initial elementor-widget elementor-widget-text-editor\" data-id=\"92f7f0a\" data-element_type=\"widget\" data-e-type=\"widget\" data-widget_type=\"text-editor.default\">\n\t\t\t\t\t\t\t\t\t<div class=\"w3-col m10\"><div class=\"w3-row-padding w3-round-xlarge\"><div><div><div class=\"w3-col m10\">L&rsquo;Association\u00a0<span style=\"text-decoration: underline;\"><a href=\"https:\/\/regie-access.com\/\" target=\"_blank\" rel=\"noopener\">R\u00e9gie Access<\/a><\/span>, grand m\u00e9c\u00e8ne du festival, est une association d&rsquo;int\u00e9r\u00eat \u00e0 but non lucratif, regroupant plusieurs m\u00e9tiers, connaissances, id\u00e9es, ressources et structures, au service d&rsquo;un objectif commun : l&rsquo;accessibilit\u00e9 universelle. Une intelligence collective qui capitalise plus de 120 \u00e9v\u00e8nements mis en accessibilit\u00e9 et de nombreuses exp\u00e9riences dans le domaine de l&rsquo;accessibilit\u00e9. Sa diff\u00e9rence : \u00eatre un outil complet et unique capable de r\u00e9pondre \u00e0 l&rsquo;ensemble des besoins et exigences en mati\u00e8re d&rsquo;accessibilit\u00e9 depuis la cr\u00e9ation de dispositifs, \u00e0 la mise en place et l&rsquo;animation.<\/div><\/div><\/div><\/div><\/div>\t\t\t\t\t\t\t\t<\/div>\n\t\t\t\t<\/div>\n\t\t\t\t<\/div>\n\t\t\t\t<\/div>\n\t\t\t\t<\/div>\n\t\t\t\t<\/div>\n\t\t","protected":false},"excerpt":{"rendered":"<p>D\u00e8s sa premi\u00e8re \u00e9dition, le festival EVOL place l&rsquo;inclusion et l&rsquo;accessibilit\u00e9 au coeur de son organisation. Con\u00e7u comme un \u00e9v\u00e9nement innovant de lutte contre les discriminations chez les enfants et les adolescents, EVOL s&rsquo;engage \u00e0 offrir une exp\u00e9rience o\u00f9 chacun, quelles que soient ses capacit\u00e9s, puisse pleinement profiter du festival dans un cadre bienveillant et [&hellip;]<\/p>\n","protected":false},"author":1,"featured_media":0,"parent":0,"menu_order":0,"comment_status":"closed","ping_status":"closed","template":"","meta":{"footnotes":""},"class_list":["post-203","page","type-page","status-publish","hentry"],"_links":{"self":[{"href":"https:\/\/www.evolfestival.fr\/index.php?rest_route=\/wp\/v2\/pages\/203","targetHints":{"allow":["GET"]}}],"collection":[{"href":"https:\/\/www.evolfestival.fr\/index.php?rest_route=\/wp\/v2\/pages"}],"about":[{"href":"https:\/\/www.evolfestival.fr\/index.php?rest_route=\/wp\/v2\/types\/page"}],"author":[{"embeddable":true,"href":"https:\/\/www.evolfestival.fr\/index.php?rest_route=\/wp\/v2\/users\/1"}],"replies":[{"embeddable":true,"href":"https:\/\/www.evolfestival.fr\/index.php?rest_route=%2Fwp%2Fv2%2Fcomments&post=203"}],"version-history":[{"count":0,"href":"https:\/\/www.evolfestival.fr\/index.php?rest_route=\/wp\/v2\/pages\/203\/revisions"}],"wp:attachment":[{"href":"https:\/\/www.evolfestival.fr\/index.php?rest_route=%2Fwp%2Fv2%2Fmedia&parent=203"}],"curies":[{"name":"wp","href":"https:\/\/api.w.org\/{rel}","templated":true}]}}